{"id":4588,"date":"2025-03-02T16:27:26","date_gmt":"2025-03-02T15:27:26","guid":{"rendered":"https:\/\/promusica.org.pl\/?page_id=4588"},"modified":"2025-03-02T16:27:26","modified_gmt":"2025-03-02T15:27:26","slug":"marius-balcytis","status":"publish","type":"page","link":"https:\/\/promusica.org.pl\/en\/marius-balcytis\/","title":{"rendered":"Marius Bal\u010dytis"},"content":{"rendered":"<p>Marius Bal\u010dytis graduated from the Lithuanian Academy of Music in 1994, with R.Valan\u010dius. After he continued master studies in Malmo Academy of Music (1995-1997) with Prof. Jan Mortensen and Per Kristian Svensen , as well , in Chicago (1999).M. Bal\u010dytis is a prize winner of two national young performers competitions(1985,1987), Yamaha Competition (1994). Since 1993, he has worked in the Lithuanian National Symphony Orchestra (LNSO). As a soloist he appeared with LNSO, Lithuanian Chamber Orchestra, Klaip\u0117da Chamber Orchestra, Riga Wind Orchestra, \u201eTRIMITAS\u201c Wind Orchestra,and the Guard of Honour Orchestra. In 1998, he formed brass ensemble \u201eVilniaus Brass\u201c, whos leader he still today. Since 2002, he has collaborated with ensemble \u201eGaida\u201c. He is teaching at M.K.\u010ciurlionis School of Art and\u00a0 Lithuanian Academy of Music and Theatre.<\/p>","protected":false},"excerpt":{"rendered":"<p>Marius Bal\u010dytis graduated from the Lithuanian Academy of Music in 1994, with R.Valan\u010dius. After he continued master studies in Malmo Academy of Music (1995-1997) with Prof. Jan Mortensen and Per Kristian Svensen , as well , in Chicago (1999).M. Bal\u010dytis is a prize winner of two national young performers competitions(1985,1987), Yamaha Competition (1994). Since 1993,&#8230;<\/p>\n","protected":false},"author":2,"featured_media":0,"parent":0,"menu_order":0,"comment_status":"closed","ping_status":"closed","template":"","meta":{"_kad_post_transparent":"default","_kad_post_title":"default","_kad_post_layout":"default","_kad_post_sidebar_id":"","_kad_post_content_style":"default","_kad_post_vertical_padding":"default","_kad_post_feature":"","_kad_post_feature_position":"","_kad_post_header":false,"_kad_post_footer":false,"footnotes":""},"class_list":["post-4588","page","type-page","status-publish","hentry"],"yoast_head":"<!-- This site is optimized with the Yoast SEO plugin v26.4 - https:\/\/yoast.com\/wordpress\/plugins\/seo\/ -->\n<title>Marius Bal\u010dytis - Pro Musica<\/title>\n<meta name=\"robots\" content=\"index, follow, max-snippet:-1, max-image-preview:large, max-video-preview:-1\" \/>\n<link rel=\"canonical\" href=\"https:\/\/promusica.org.pl\/en\/marius-balcytis\/\" \/>\n<meta property=\"og:locale\" content=\"en_US\" \/>\n<meta property=\"og:type\" content=\"article\" \/>\n<meta property=\"og:title\" content=\"Marius Bal\u010dytis - Pro Musica\" \/>\n<meta property=\"og:description\" content=\"Marius Bal\u010dytis graduated from the Lithuanian Academy of Music in 1994, with R.Valan\u010dius. After he continued master studies in Malmo Academy of Music (1995-1997) with Prof. Jan Mortensen and Per Kristian Svensen , as well , in Chicago (1999).M. Bal\u010dytis is a prize winner of two national young performers competitions(1985,1987), Yamaha Competition (1994). Since 1993,...\" \/>\n<meta property=\"og:url\" content=\"https:\/\/promusica.org.pl\/en\/marius-balcytis\/\" \/>\n<meta property=\"og:site_name\" content=\"Pro Musica\" \/>\n<meta name=\"twitter:label1\" content=\"Est. reading time\" \/>\n\t<meta name=\"twitter:data1\" content=\"1 minute\" \/>\n<script type=\"application\/ld+json\" class=\"yoast-schema-graph\">{\"@context\":\"https:\/\/schema.org\",\"@graph\":[{\"@type\":\"WebPage\",\"@id\":\"https:\/\/promusica.org.pl\/en\/marius-balcytis\/\",\"url\":\"https:\/\/promusica.org.pl\/en\/marius-balcytis\/\",\"name\":\"Marius Bal\u010dytis - Pro Musica\",\"isPartOf\":{\"@id\":\"https:\/\/promusica.org.pl\/en\/#website\"},\"datePublished\":\"2025-03-02T15:27:26+00:00\",\"breadcrumb\":{\"@id\":\"https:\/\/promusica.org.pl\/en\/marius-balcytis\/#breadcrumb\"},\"inLanguage\":\"en-US\",\"potentialAction\":[{\"@type\":\"ReadAction\",\"target\":[[\"https:\/\/promusica.org.pl\/en\/marius-balcytis\/\"]]}]},{\"@type\":\"BreadcrumbList\",\"@id\":\"https:\/\/promusica.org.pl\/en\/marius-balcytis\/#breadcrumb\",\"itemListElement\":[{\"@type\":\"ListItem\",\"position\":1,\"name\":\"Strona g\u0142\u00f3wna\",\"item\":\"https:\/\/promusica.org.pl\/en\/\"},{\"@type\":\"ListItem\",\"position\":2,\"name\":\"Marius Bal\u010dytis\"}]},{\"@type\":\"WebSite\",\"@id\":\"https:\/\/promusica.org.pl\/en\/#website\",\"url\":\"https:\/\/promusica.org.pl\/en\/\",\"name\":\"Pro Musica\",\"description\":\"warsztaty muzyczne, warsztaty orkiestrowe, konkurs na instrumenty solo\",\"publisher\":{\"@id\":\"https:\/\/promusica.org.pl\/en\/#organization\"},\"potentialAction\":[{\"@type\":\"SearchAction\",\"target\":{\"@type\":\"EntryPoint\",\"urlTemplate\":\"https:\/\/promusica.org.pl\/en\/?s={search_term_string}\"},\"query-input\":{\"@type\":\"PropertyValueSpecification\",\"valueRequired\":true,\"valueName\":\"search_term_string\"}}],\"inLanguage\":\"en-US\"},{\"@type\":\"Organization\",\"@id\":\"https:\/\/promusica.org.pl\/en\/#organization\",\"name\":\"Pro Musica\",\"url\":\"https:\/\/promusica.org.pl\/en\/\",\"logo\":{\"@type\":\"ImageObject\",\"inLanguage\":\"en-US\",\"@id\":\"https:\/\/promusica.org.pl\/en\/#\/schema\/logo\/image\/\",\"url\":\"https:\/\/promusica.org.pl\/assets\/cropped-logo.jpg\",\"contentUrl\":\"https:\/\/promusica.org.pl\/assets\/cropped-logo.jpg\",\"width\":239,\"height\":95,\"caption\":\"Pro Musica\"},\"image\":{\"@id\":\"https:\/\/promusica.org.pl\/en\/#\/schema\/logo\/image\/\"}}]}<\/script>\n<!-- \/ Yoast SEO plugin. -->","yoast_head_json":{"title":"Marius Bal\u010dytis - Pro Musica","robots":{"index":"index","follow":"follow","max-snippet":"max-snippet:-1","max-image-preview":"max-image-preview:large","max-video-preview":"max-video-preview:-1"},"canonical":"https:\/\/promusica.org.pl\/en\/marius-balcytis\/","og_locale":"en_US","og_type":"article","og_title":"Marius Bal\u010dytis - Pro Musica","og_description":"Marius Bal\u010dytis graduated from the Lithuanian Academy of Music in 1994, with R.Valan\u010dius. After he continued master studies in Malmo Academy of Music (1995-1997) with Prof. Jan Mortensen and Per Kristian Svensen , as well , in Chicago (1999).M. Bal\u010dytis is a prize winner of two national young performers competitions(1985,1987), Yamaha Competition (1994). Since 1993,...","og_url":"https:\/\/promusica.org.pl\/en\/marius-balcytis\/","og_site_name":"Pro Musica","twitter_misc":{"Est. reading time":"1 minute"},"schema":{"@context":"https:\/\/schema.org","@graph":[{"@type":"WebPage","@id":"https:\/\/promusica.org.pl\/en\/marius-balcytis\/","url":"https:\/\/promusica.org.pl\/en\/marius-balcytis\/","name":"Marius Bal\u010dytis - Pro Musica","isPartOf":{"@id":"https:\/\/promusica.org.pl\/en\/#website"},"datePublished":"2025-03-02T15:27:26+00:00","breadcrumb":{"@id":"https:\/\/promusica.org.pl\/en\/marius-balcytis\/#breadcrumb"},"inLanguage":"en-US","potentialAction":[{"@type":"ReadAction","target":[["https:\/\/promusica.org.pl\/en\/marius-balcytis\/"]]}]},{"@type":"BreadcrumbList","@id":"https:\/\/promusica.org.pl\/en\/marius-balcytis\/#breadcrumb","itemListElement":[{"@type":"ListItem","position":1,"name":"Strona g\u0142\u00f3wna","item":"https:\/\/promusica.org.pl\/en\/"},{"@type":"ListItem","position":2,"name":"Marius Bal\u010dytis"}]},{"@type":"WebSite","@id":"https:\/\/promusica.org.pl\/en\/#website","url":"https:\/\/promusica.org.pl\/en\/","name":"Pro Musica","description":"warsztaty muzyczne, warsztaty orkiestrowe, konkurs na instrumenty solo","publisher":{"@id":"https:\/\/promusica.org.pl\/en\/#organization"},"potentialAction":[{"@type":"SearchAction","target":{"@type":"EntryPoint","urlTemplate":"https:\/\/promusica.org.pl\/en\/?s={search_term_string}"},"query-input":{"@type":"PropertyValueSpecification","valueRequired":true,"valueName":"search_term_string"}}],"inLanguage":"en-US"},{"@type":"Organization","@id":"https:\/\/promusica.org.pl\/en\/#organization","name":"Pro Musica","url":"https:\/\/promusica.org.pl\/en\/","logo":{"@type":"ImageObject","inLanguage":"en-US","@id":"https:\/\/promusica.org.pl\/en\/#\/schema\/logo\/image\/","url":"https:\/\/promusica.org.pl\/assets\/cropped-logo.jpg","contentUrl":"https:\/\/promusica.org.pl\/assets\/cropped-logo.jpg","width":239,"height":95,"caption":"Pro Musica"},"image":{"@id":"https:\/\/promusica.org.pl\/en\/#\/schema\/logo\/image\/"}}]}},"_links":{"self":[{"href":"https:\/\/promusica.org.pl\/en\/wp-json\/wp\/v2\/pages\/4588","targetHints":{"allow":["GET"]}}],"collection":[{"href":"https:\/\/promusica.org.pl\/en\/wp-json\/wp\/v2\/pages"}],"about":[{"href":"https:\/\/promusica.org.pl\/en\/wp-json\/wp\/v2\/types\/page"}],"author":[{"embeddable":true,"href":"https:\/\/promusica.org.pl\/en\/wp-json\/wp\/v2\/users\/2"}],"replies":[{"embeddable":true,"href":"https:\/\/promusica.org.pl\/en\/wp-json\/wp\/v2\/comments?post=4588"}],"version-history":[{"count":2,"href":"https:\/\/promusica.org.pl\/en\/wp-json\/wp\/v2\/pages\/4588\/revisions"}],"predecessor-version":[{"id":4641,"href":"https:\/\/promusica.org.pl\/en\/wp-json\/wp\/v2\/pages\/4588\/revisions\/4641"}],"wp:attachment":[{"href":"https:\/\/promusica.org.pl\/en\/wp-json\/wp\/v2\/media?parent=4588"}],"curies":[{"name":"wp","href":"https:\/\/api.w.org\/{rel}","templated":true}]}}