{"id":4077,"date":"2024-02-07T08:44:45","date_gmt":"2024-02-07T07:44:45","guid":{"rendered":"https:\/\/promusica.org.pl\/?p=4077"},"modified":"2024-08-18T15:00:13","modified_gmt":"2024-08-18T13:00:13","slug":"sow-2024","status":"publish","type":"page","link":"https:\/\/promusica.org.pl\/en\/sow-2024\/","title":{"rendered":"SOW 2024 \u2013 IV Summer Orchestra Workshop"},"content":{"rendered":"<p><\/p>\n<h1 style=\"text-align: center;\"><\/h1>\n<h1 style=\"text-align: center;\"><\/h1>\n<h1 style=\"text-align: center;\"><\/h1>\n<h1 style=\"text-align: center;\"><\/h1>\n<h1 style=\"text-align: center;\"><\/h1>\n<h1 style=\"text-align: center;\"><\/h1>\n<h1 style=\"text-align: center;\"><\/h1>\n<h1 style=\"text-align: center;\"><\/h1>\n<h1 style=\"text-align: center;\"><\/h1>\n<h1 style=\"text-align: center;\"><\/h1>\n<h1 style=\"text-align: center;\"><\/h1>\n<h1 style=\"text-align: center;\"><\/h1>\n<h1 style=\"text-align: center;\"><strong><span style=\"color: #ff9900;\">IV INTERNATIONAL SUMMER ORCHESTRA WORKSHOP <\/span><\/strong><\/h1>\n<h1 style=\"text-align: center;\"><strong><span style=\"color: #ff9900;\">SOW 2024<\/span><\/strong><\/h1>\n<p>&nbsp;<\/p>\n<h3><img loading=\"lazy\" decoding=\"async\" class=\"alignleft size-large wp-image-4124\" src=\"https:\/\/promusica.org.pl\/assets\/SOW-BATMAN2-maly-1170x501.jpg\" alt=\"\" width=\"1170\" height=\"501\" srcset=\"https:\/\/promusica.org.pl\/assets\/SOW-BATMAN2-maly-1170x501.jpg 1170w, https:\/\/promusica.org.pl\/assets\/SOW-BATMAN2-maly-768x329.jpg 768w, https:\/\/promusica.org.pl\/assets\/SOW-BATMAN2-maly-1536x658.jpg 1536w, https:\/\/promusica.org.pl\/assets\/SOW-BATMAN2-maly-2048x877.jpg 2048w\" sizes=\"auto, (max-width: 1170px) 100vw, 1170px\" \/><\/h3>\n<h3 style=\"text-align: center;\">6-15 August 2024<\/h3>\n<h3 style=\"text-align: center;\">Supra\u015bl, Poland<\/h3>\n<h3>The Foundation\u00a0&#8220;Centrum Sztuki i Kultury Pro Musica&#8221;\u00a0invites you to the second edition of\u00a0Summer\u00a0Orchestra Workshop! Let&#8217;s meet in cosy green town in Poland and\u00a0play together wonderful music!<\/h3>\n<h1 style=\"text-align: center;\"><a href=\"https:\/\/docs.google.com\/forms\/d\/e\/1FAIpQLSe13WN2NIoz8dWYkZhj7gu5ih5b_ucz01z-7hoUp47szjIyDA\/viewform?vc=0&amp;c=0&amp;w=1&amp;flr=0\">REGISTRATION<\/a><\/h1>\n<p>&nbsp;<\/p>\n<h3><img loading=\"lazy\" decoding=\"async\" class=\"alignleft size-large wp-image-4299\" src=\"https:\/\/promusica.org.pl\/assets\/SOW-orkiestra-Wasilkow-1170x878.jpg\" alt=\"\" width=\"1170\" height=\"878\" srcset=\"https:\/\/promusica.org.pl\/assets\/SOW-orkiestra-Wasilkow-1170x878.jpg 1170w, https:\/\/promusica.org.pl\/assets\/SOW-orkiestra-Wasilkow-768x576.jpg 768w, https:\/\/promusica.org.pl\/assets\/SOW-orkiestra-Wasilkow-1536x1152.jpg 1536w, https:\/\/promusica.org.pl\/assets\/SOW-orkiestra-Wasilkow-2048x1536.jpg 2048w\" sizes=\"auto, (max-width: 1170px) 100vw, 1170px\" \/><\/h3>\n<h3>In the\u00a0summer orchestra workshop\u00a0participants create concert wind orchestra\u00a0and are preparing musical programme that will be performed at the final concerts.<\/h3>\n<h3>As every year, the orchestra will be conducted by amazing Italian conductor Andrea Loss!<\/h3>\n<h3>The co-organizer of the workshops is the Culture and Recreation Center in Supra\u015bl.<\/h3>\n<p><img loading=\"lazy\" decoding=\"async\" class=\"alignleft size-large wp-image-4302\" src=\"https:\/\/promusica.org.pl\/assets\/IMG20240815122628_01orki-supr-hymn-1170x658.jpg\" alt=\"\" width=\"1170\" height=\"658\" srcset=\"https:\/\/promusica.org.pl\/assets\/IMG20240815122628_01orki-supr-hymn-1170x658.jpg 1170w, https:\/\/promusica.org.pl\/assets\/IMG20240815122628_01orki-supr-hymn-768x432.jpg 768w, https:\/\/promusica.org.pl\/assets\/IMG20240815122628_01orki-supr-hymn.jpg 1280w\" sizes=\"auto, (max-width: 1170px) 100vw, 1170px\" \/><\/p>\n<h3><\/h3>\n<h3><\/h3>\n<h3><\/h3>\n<h3><\/h3>\n<h3><\/h3>\n<h3><\/h3>\n<h3><\/h3>\n<h3><\/h3>\n<h3><\/h3>\n<h3><span style=\"color: #ff9900;\">Workshop program:<\/span><\/h3>\n<h3>&#8211; section rehearsals &#8211; conducted by qualified instrumentalists, incl. musicians of the Podlasie Opera and Philharmonic and teachers of the\u00a0Music School in Bia\u0142ystok<\/h3>\n<h3>&#8211; daily orchestral rehearsals &#8211; moderator: maestro Andrea Loss (Italy)<\/h3>\n<h3>&#8211; additional group activities, incl. picnic and canoeing (for volunteers)<\/h3>\n<h3>&#8211; CONCERTS by the SOW Orchestra conducted by maestro Andrea Loss:<\/h3>\n<ul>\n<li>Outdoor concerts :<\/li>\n<li>Gala Concert &#8211; Wasilk\u00f3w<\/li>\n<li>Final Concert &#8211;\u00a0 in Supra\u015bl &#8211; Tuesday, August 15<\/li>\n<\/ul>\n<p>The orchestral rehearsals will take place at the Dom Ludowy in Supra\u015bl<\/p>\n<p>J\u00f3zefa Pi\u0142sudskiego 11 Street, 16-030 Supra\u015bl, Poland<\/p>\n<p>If you need advice about accommodation, please, contact us by email: wow.promusica@gmail.com<\/p>\n<h3><span style=\"color: #ff9900;\">Costs: 120 euro (+ optionally lunches 60 euro)<\/span><\/h3>\n<p><span style=\"color: #ff9900;\">Organized meals\u00a0 include 8 lunches on August . After the concerts, there are additional snacks for all workshop participants.<\/span><\/p>\n<h3><span style=\"color: #ff9900;\">Instruments in the orchestra:<\/span><\/h3>\n<p>clarinets, saxophones, flutes, oboes, English horn, bassoons;<\/p>\n<p>trumpets, cornets, trombones, horns, saxhorns, tubas, euphoniums;<\/p>\n<p>cellos, double basses;<\/p>\n<p>harp, piano;<\/p>\n<p>percussion instruments.<\/p>\n<h3>\u00a0<img loading=\"lazy\" decoding=\"async\" class=\"alignleft size-large wp-image-3315\" src=\"http:\/\/promusica.org.pl\/assets\/IMG_2081-1170x780.jpg\" alt=\"IMG_2081\" width=\"940\" height=\"627\" srcset=\"https:\/\/promusica.org.pl\/assets\/IMG_2081-1170x780.jpg 1170w, https:\/\/promusica.org.pl\/assets\/IMG_2081-160x106.jpg 160w, https:\/\/promusica.org.pl\/assets\/IMG_2081-290x194.jpg 290w\" sizes=\"auto, (max-width: 940px) 100vw, 940px\" \/><\/h3>\n<h3><\/h3>\n<h3><\/h3>\n<h3><\/h3>\n<h3><\/h3>\n<h3><\/h3>\n<h3><\/h3>\n<h3><\/h3>\n<h3><\/h3>\n<h3><span style=\"color: #ff9900;\">Repertoire:<\/span><\/h3>\n<ol>\n<li>Puenteareas, Revellano Sotullo<\/li>\n<li>Second suite, Gustav Holst<\/li>\n<li>Il Convegno, Ponchielli (2 clarinet solo)<\/li>\n<li>La Califfa, Morricone (oboe solo)<\/li>\n<li>Sunrise and Safari, Adam Gorb<\/li>\n<li>Concertante for piano and band, Warren Barker<\/li>\n<li>Clarinet Concerto, Artie Shaw<\/li>\n<li><strong>Batman, Danny Elfman<\/strong><\/li>\n<li>Pixar Movie Magic, Michael Brown<\/li>\n<li>Take a Walk, Hardy Mertens<\/li>\n<\/ol>\n<h3>e-mail:\u00a0<a href=\"mailto:wow.promusica@gmail.com\" target=\"_blank\" rel=\"nofollow noopener\">wow.promusica@gmail.com<\/a><\/h3>\n<h3>Check out our YouTube channel :<\/h3>\n<p>https:\/\/www.youtube.com\/@PromusicaOrgPl<\/p>\n<h2><img loading=\"lazy\" decoding=\"async\" class=\"alignleft size-large wp-image-4305\" src=\"https:\/\/promusica.org.pl\/assets\/sow-kajak-1170x878.jpg\" alt=\"\" width=\"1170\" height=\"878\" srcset=\"https:\/\/promusica.org.pl\/assets\/sow-kajak-1170x878.jpg 1170w, https:\/\/promusica.org.pl\/assets\/sow-kajak-768x576.jpg 768w, https:\/\/promusica.org.pl\/assets\/sow-kajak-1536x1152.jpg 1536w, https:\/\/promusica.org.pl\/assets\/sow-kajak-2048x1536.jpg 2048w\" sizes=\"auto, (max-width: 1170px) 100vw, 1170px\" \/><\/h2>\n<h1><\/h1>\n<h1><\/h1>\n<h1><\/h1>\n<h1><\/h1>\n<h1><\/h1>\n<h1><\/h1>\n<h1><\/h1>\n<h1><\/h1>\n<h1><\/h1>\n<h1><\/h1>\n<h1 style=\"text-align: center;\"><span style=\"color: #ff9900;\">Organizers:<\/span><\/h1>\n<p><img loading=\"lazy\" decoding=\"async\" class=\"alignleft size-large wp-image-1649\" src=\"http:\/\/promusica.org.pl\/assets\/PROmusica-1-1-1170x409.jpg\" alt=\"PROmusica (1) (1)\" width=\"940\" height=\"329\" \/><\/p>\n<h3><\/h3>\n<h3><\/h3>\n<h3><\/h3>\n<h3><\/h3>\n<h3><\/h3>\n<h3><\/h3>\n<h3><img loading=\"lazy\" decoding=\"async\" class=\" wp-image-107 aligncenter\" src=\"http:\/\/promusica.org.pl\/assets\/LogoCKIRsuprasl-e1421141678141.png\" alt=\"LogoCKIRsuprasl\" width=\"441\" height=\"427\" \/><\/h3>\n<h2><\/h2>\n<h1 style=\"text-align: center;\"><\/h1>\n<h1 style=\"text-align: center;\"><span style=\"color: #ff9900;\">SPONSORS:<\/span><\/h1>\n<h3><img loading=\"lazy\" decoding=\"async\" class=\" wp-image-3826 aligncenter\" src=\"http:\/\/promusica.org.pl\/assets\/AC_logo_r-1111x999.jpg\" alt=\"AC_logo_r\" width=\"620\" height=\"557\" srcset=\"https:\/\/promusica.org.pl\/assets\/AC_logo_r-1111x999.jpg 1111w, https:\/\/promusica.org.pl\/assets\/AC_logo_r.jpg 1775w\" sizes=\"auto, (max-width: 620px) 100vw, 620px\" \/><\/h3>\n<h3><\/h3>\n<h3><\/h3>\n<h3><\/h3>\n<h3><\/h3>\n<h3><\/h3>\n<h3><\/h3>\n<h3><\/h3>\n<h3><\/h3>\n<h3><\/h3>\n<h3><\/h3>\n<h3><\/h3>\n<h3><\/h3>\n<h3><\/h3>\n<h3><\/h3>\n<h3><\/h3>\n<h3><\/h3>\n<h3><\/h3>\n<h3><img loading=\"lazy\" decoding=\"async\" class=\" wp-image-3827 aligncenter\" src=\"http:\/\/promusica.org.pl\/assets\/logo_stag_autogas_systems_R-1170x827.jpg\" alt=\"logo_stag_autogas_systems_R\" width=\"602\" height=\"425\" \/><\/h3>\n<h3><\/h3>\n<h3><\/h3>\n<h3><\/h3>\n<h3><\/h3>\n<h3><\/h3>\n<h3><\/h3>\n<h3><\/h3>\n<h3><\/h3>\n<h3><\/h3>\n<h3><\/h3>\n<h3><\/h3>\n<h2 style=\"text-align: center;\"><span style=\"color: #ff9900;\">Partners:<\/span><\/h2>\n<h3><\/h3>\n<h3><\/h3>\n<h3><\/h3>\n<h3><\/h3>\n<h3>Sportowa Szko\u0142a Podstawowa im. F. Mareckiego w Supra\u015blu<\/h3>\n<p><img loading=\"lazy\" decoding=\"async\" class=\"alignleft size-full wp-image-3361\" src=\"http:\/\/promusica.org.pl\/assets\/LOGO-SSP.png\" alt=\"LOGO SSP\" width=\"405\" height=\"324\" \/><\/p>","protected":false},"excerpt":{"rendered":"<p>IV INTERNATIONAL SUMMER ORCHESTRA WORKSHOP SOW 2024 &nbsp; 6-15 August 2024 Supra\u015bl, Poland The Foundation\u00a0&#8220;Centrum Sztuki i Kultury Pro Musica&#8221;\u00a0invites you to the second edition of\u00a0Summer\u00a0Orchestra Workshop! Let&#8217;s meet in cosy green town in Poland and\u00a0play together wonderful music! REGISTRATION &nbsp; In the\u00a0summer orchestra workshop\u00a0participants create concert wind orchestra\u00a0and are preparing musical programme that will&#8230;<\/p>\n","protected":false},"author":1,"featured_media":0,"parent":0,"menu_order":0,"comment_status":"closed","ping_status":"closed","template":"","meta":{"_kad_post_transparent":"default","_kad_post_title":"default","_kad_post_layout":"default","_kad_post_sidebar_id":"","_kad_post_content_style":"default","_kad_post_vertical_padding":"default","_kad_post_feature":"","_kad_post_feature_position":"","_kad_post_header":false,"_kad_post_footer":false,"footnotes":""},"class_list":["post-4077","page","type-page","status-publish","hentry"],"yoast_head":"<!-- This site is optimized with the Yoast SEO plugin v26.4 - https:\/\/yoast.com\/wordpress\/plugins\/seo\/ -->\n<title>SOW 2024 \u2013 IV Summer Orchestra Workshop - Pro Musica<\/title>\n<meta name=\"robots\" content=\"index, follow, max-snippet:-1, max-image-preview:large, max-video-preview:-1\" \/>\n<link rel=\"canonical\" href=\"https:\/\/promusica.org.pl\/en\/sow-2024\/\" \/>\n<meta property=\"og:locale\" content=\"en_US\" \/>\n<meta property=\"og:type\" content=\"article\" \/>\n<meta property=\"og:title\" content=\"SOW 2024 \u2013 IV Summer Orchestra Workshop - Pro Musica\" \/>\n<meta property=\"og:description\" content=\"IV INTERNATIONAL SUMMER ORCHESTRA WORKSHOP SOW 2024 &nbsp; 6-15 August 2024 Supra\u015bl, Poland The Foundation\u00a0&#8220;Centrum Sztuki i Kultury Pro Musica&#8221;\u00a0invites you to the second edition of\u00a0Summer\u00a0Orchestra Workshop! Let&#8217;s meet in cosy green town in Poland and\u00a0play together wonderful music! REGISTRATION &nbsp; In the\u00a0summer orchestra workshop\u00a0participants create concert wind orchestra\u00a0and are preparing musical programme that will...\" \/>\n<meta property=\"og:url\" content=\"https:\/\/promusica.org.pl\/en\/sow-2024\/\" \/>\n<meta property=\"og:site_name\" content=\"Pro Musica\" \/>\n<meta property=\"article:modified_time\" content=\"2024-08-18T13:00:13+00:00\" \/>\n<meta property=\"og:image\" content=\"https:\/\/promusica.org.pl\/assets\/SOW-BATMAN-1-1170x452.jpg\" \/>\n<meta name=\"twitter:label1\" content=\"Est. reading time\" \/>\n\t<meta name=\"twitter:data1\" content=\"4 minutes\" \/>\n<script type=\"application\/ld+json\" class=\"yoast-schema-graph\">{\"@context\":\"https:\/\/schema.org\",\"@graph\":[{\"@type\":\"WebPage\",\"@id\":\"https:\/\/promusica.org.pl\/en\/sow-2024\/\",\"url\":\"https:\/\/promusica.org.pl\/en\/sow-2024\/\",\"name\":\"SOW 2024 \u2013 IV Summer Orchestra Workshop - Pro Musica\",\"isPartOf\":{\"@id\":\"https:\/\/promusica.org.pl\/en\/#website\"},\"primaryImageOfPage\":{\"@id\":\"https:\/\/promusica.org.pl\/en\/sow-2024\/#primaryimage\"},\"image\":{\"@id\":\"https:\/\/promusica.org.pl\/sow-2024\/#primaryimage\"},\"thumbnailUrl\":\"https:\/\/promusica.org.pl\/assets\/SOW-BATMAN-1-1170x452.jpg\",\"datePublished\":\"2024-02-07T07:44:45+00:00\",\"dateModified\":\"2024-08-18T13:00:13+00:00\",\"breadcrumb\":{\"@id\":\"https:\/\/promusica.org.pl\/en\/sow-2024\/#breadcrumb\"},\"inLanguage\":\"en-US\",\"potentialAction\":[{\"@type\":\"ReadAction\",\"target\":[[\"https:\/\/promusica.org.pl\/en\/sow-2024\/\"]]}]},{\"@type\":\"ImageObject\",\"inLanguage\":\"en-US\",\"@id\":\"https:\/\/promusica.org.pl\/en\/sow-2024\/#primaryimage\",\"url\":\"https:\/\/promusica.org.pl\/assets\/SOW-BATMAN-1-1170x452.jpg\",\"contentUrl\":\"https:\/\/promusica.org.pl\/assets\/SOW-BATMAN-1-1170x452.jpg\"},{\"@type\":\"BreadcrumbList\",\"@id\":\"https:\/\/promusica.org.pl\/en\/sow-2024\/#breadcrumb\",\"itemListElement\":[{\"@type\":\"ListItem\",\"position\":1,\"name\":\"Strona g\u0142\u00f3wna\",\"item\":\"https:\/\/promusica.org.pl\/en\/\"},{\"@type\":\"ListItem\",\"position\":2,\"name\":\"SOW 2024 \u2013 IV Letnie Warsztaty Orkiestrowe\"}]},{\"@type\":\"WebSite\",\"@id\":\"https:\/\/promusica.org.pl\/en\/#website\",\"url\":\"https:\/\/promusica.org.pl\/en\/\",\"name\":\"Pro Musica\",\"description\":\"warsztaty muzyczne, warsztaty orkiestrowe, konkurs na instrumenty solo\",\"publisher\":{\"@id\":\"https:\/\/promusica.org.pl\/en\/#organization\"},\"potentialAction\":[{\"@type\":\"SearchAction\",\"target\":{\"@type\":\"EntryPoint\",\"urlTemplate\":\"https:\/\/promusica.org.pl\/en\/?s={search_term_string}\"},\"query-input\":{\"@type\":\"PropertyValueSpecification\",\"valueRequired\":true,\"valueName\":\"search_term_string\"}}],\"inLanguage\":\"en-US\"},{\"@type\":\"Organization\",\"@id\":\"https:\/\/promusica.org.pl\/en\/#organization\",\"name\":\"Pro Musica\",\"url\":\"https:\/\/promusica.org.pl\/en\/\",\"logo\":{\"@type\":\"ImageObject\",\"inLanguage\":\"en-US\",\"@id\":\"https:\/\/promusica.org.pl\/en\/#\/schema\/logo\/image\/\",\"url\":\"https:\/\/promusica.org.pl\/assets\/cropped-logo.jpg\",\"contentUrl\":\"https:\/\/promusica.org.pl\/assets\/cropped-logo.jpg\",\"width\":239,\"height\":95,\"caption\":\"Pro Musica\"},\"image\":{\"@id\":\"https:\/\/promusica.org.pl\/en\/#\/schema\/logo\/image\/\"}}]}<\/script>\n<!-- \/ Yoast SEO plugin. -->","yoast_head_json":{"title":"SOW 2024 \u2013 IV Summer Orchestra Workshop - Pro Musica","robots":{"index":"index","follow":"follow","max-snippet":"max-snippet:-1","max-image-preview":"max-image-preview:large","max-video-preview":"max-video-preview:-1"},"canonical":"https:\/\/promusica.org.pl\/en\/sow-2024\/","og_locale":"en_US","og_type":"article","og_title":"SOW 2024 \u2013 IV Summer Orchestra Workshop - Pro Musica","og_description":"IV INTERNATIONAL SUMMER ORCHESTRA WORKSHOP SOW 2024 &nbsp; 6-15 August 2024 Supra\u015bl, Poland The Foundation\u00a0&#8220;Centrum Sztuki i Kultury Pro Musica&#8221;\u00a0invites you to the second edition of\u00a0Summer\u00a0Orchestra Workshop! Let&#8217;s meet in cosy green town in Poland and\u00a0play together wonderful music! REGISTRATION &nbsp; In the\u00a0summer orchestra workshop\u00a0participants create concert wind orchestra\u00a0and are preparing musical programme that will...","og_url":"https:\/\/promusica.org.pl\/en\/sow-2024\/","og_site_name":"Pro Musica","article_modified_time":"2024-08-18T13:00:13+00:00","og_image":[{"url":"https:\/\/promusica.org.pl\/assets\/SOW-BATMAN-1-1170x452.jpg","type":"","width":"","height":""}],"twitter_misc":{"Est. reading time":"4 minutes"},"schema":{"@context":"https:\/\/schema.org","@graph":[{"@type":"WebPage","@id":"https:\/\/promusica.org.pl\/en\/sow-2024\/","url":"https:\/\/promusica.org.pl\/en\/sow-2024\/","name":"SOW 2024 \u2013 IV Summer Orchestra Workshop - Pro Musica","isPartOf":{"@id":"https:\/\/promusica.org.pl\/en\/#website"},"primaryImageOfPage":{"@id":"https:\/\/promusica.org.pl\/en\/sow-2024\/#primaryimage"},"image":{"@id":"https:\/\/promusica.org.pl\/sow-2024\/#primaryimage"},"thumbnailUrl":"https:\/\/promusica.org.pl\/assets\/SOW-BATMAN-1-1170x452.jpg","datePublished":"2024-02-07T07:44:45+00:00","dateModified":"2024-08-18T13:00:13+00:00","breadcrumb":{"@id":"https:\/\/promusica.org.pl\/en\/sow-2024\/#breadcrumb"},"inLanguage":"en-US","potentialAction":[{"@type":"ReadAction","target":[["https:\/\/promusica.org.pl\/en\/sow-2024\/"]]}]},{"@type":"ImageObject","inLanguage":"en-US","@id":"https:\/\/promusica.org.pl\/en\/sow-2024\/#primaryimage","url":"https:\/\/promusica.org.pl\/assets\/SOW-BATMAN-1-1170x452.jpg","contentUrl":"https:\/\/promusica.org.pl\/assets\/SOW-BATMAN-1-1170x452.jpg"},{"@type":"BreadcrumbList","@id":"https:\/\/promusica.org.pl\/en\/sow-2024\/#breadcrumb","itemListElement":[{"@type":"ListItem","position":1,"name":"Strona g\u0142\u00f3wna","item":"https:\/\/promusica.org.pl\/en\/"},{"@type":"ListItem","position":2,"name":"SOW 2024 \u2013 IV Letnie Warsztaty Orkiestrowe"}]},{"@type":"WebSite","@id":"https:\/\/promusica.org.pl\/en\/#website","url":"https:\/\/promusica.org.pl\/en\/","name":"Pro Musica","description":"warsztaty muzyczne, warsztaty orkiestrowe, konkurs na instrumenty solo","publisher":{"@id":"https:\/\/promusica.org.pl\/en\/#organization"},"potentialAction":[{"@type":"SearchAction","target":{"@type":"EntryPoint","urlTemplate":"https:\/\/promusica.org.pl\/en\/?s={search_term_string}"},"query-input":{"@type":"PropertyValueSpecification","valueRequired":true,"valueName":"search_term_string"}}],"inLanguage":"en-US"},{"@type":"Organization","@id":"https:\/\/promusica.org.pl\/en\/#organization","name":"Pro Musica","url":"https:\/\/promusica.org.pl\/en\/","logo":{"@type":"ImageObject","inLanguage":"en-US","@id":"https:\/\/promusica.org.pl\/en\/#\/schema\/logo\/image\/","url":"https:\/\/promusica.org.pl\/assets\/cropped-logo.jpg","contentUrl":"https:\/\/promusica.org.pl\/assets\/cropped-logo.jpg","width":239,"height":95,"caption":"Pro Musica"},"image":{"@id":"https:\/\/promusica.org.pl\/en\/#\/schema\/logo\/image\/"}}]}},"_links":{"self":[{"href":"https:\/\/promusica.org.pl\/en\/wp-json\/wp\/v2\/pages\/4077","targetHints":{"allow":["GET"]}}],"collection":[{"href":"https:\/\/promusica.org.pl\/en\/wp-json\/wp\/v2\/pages"}],"about":[{"href":"https:\/\/promusica.org.pl\/en\/wp-json\/wp\/v2\/types\/page"}],"author":[{"embeddable":true,"href":"https:\/\/promusica.org.pl\/en\/wp-json\/wp\/v2\/users\/1"}],"replies":[{"embeddable":true,"href":"https:\/\/promusica.org.pl\/en\/wp-json\/wp\/v2\/comments?post=4077"}],"version-history":[{"count":10,"href":"https:\/\/promusica.org.pl\/en\/wp-json\/wp\/v2\/pages\/4077\/revisions"}],"predecessor-version":[{"id":4307,"href":"https:\/\/promusica.org.pl\/en\/wp-json\/wp\/v2\/pages\/4077\/revisions\/4307"}],"wp:attachment":[{"href":"https:\/\/promusica.org.pl\/en\/wp-json\/wp\/v2\/media?parent=4077"}],"curies":[{"name":"wp","href":"https:\/\/api.w.org\/{rel}","templated":true}]}}