{"id":2994,"date":"2019-11-20T11:20:48","date_gmt":"2019-11-20T11:20:48","guid":{"rendered":"http:\/\/promusica.org.pl\/?page_id=2994"},"modified":"2020-01-16T08:09:06","modified_gmt":"2020-01-16T08:09:06","slug":"kadra-wow-2020","status":"publish","type":"page","link":"https:\/\/promusica.org.pl\/en\/wow-zimowe-warsztaty-orkiestrowe-2020\/kadra-wow-2020\/","title":{"rendered":"TEAM WOW 2019"},"content":{"rendered":"<p>&nbsp;<\/p>\n<h3>OUR TEAM:<\/h3>\n<h3><\/h3>\n<h3>Conductor :<\/h3>\n<p>&nbsp;<\/p>\n<p><img loading=\"lazy\" decoding=\"async\" class=\"alignleft thumbnail size-full wp-image-73\" src=\"http:\/\/promusica.org.pl\/assets\/loss.jpg\" alt=\"loss\" width=\"250\" height=\"168\" \/><strong>Andrea Loss<\/strong>\u00a0\u2013 graduated at the Conservatory in Udine (Clarinet) and studied conducting with Jan Cober (NL), Ronald Johnson (USA), Felix Hauswirth (CH) , Isaac Karabtchevsky (BR), Diego Dini Ciacci (I) orchestration , harmony , composition and singing.<\/p>\n<p>He conducted several wind orchestra in Italy, Europe, and USA. He is the principal conductor of the \u201cOrchestra di fiati Rosmini \u201d from Rovereto (I), Orchestra di Fiati della Provincia di Vicenza (I) , Banda cittadina Peschiera del Garda (I), Corpo bandistico di Lizzana (I) and he is teacher and artistic director of ISEB (Wind Band European Institute ).<\/p>\n<hr class=\"clearfix\" \/>\n<h3><\/h3>\n<h3><\/h3>\n<h3>Leading artists:<\/h3>\n<p>&nbsp;<\/p>\n<p>&nbsp;<\/p>\n<p><img loading=\"lazy\" decoding=\"async\" class=\" wp-image-3066 alignleft\" src=\"http:\/\/promusica.org.pl\/assets\/foto-S-Sobola.jpg\" alt=\"foto S Sobola\" width=\"194\" height=\"258\" \/><strong>Sylwester Sobola- oboe<\/strong>. Graduated Music Academy Karol Szymanowski in Katowice, in 1986 in the oboe class of prof. Edward Mandera.<\/p>\n<p>In 1986\u20131991\u00a0 worked at Wojciech Rajski Polish Chamber Philharmonic in Sopot. In 1991\u20131997\u00a0 in the Great Symphony Orchestra of the Polish Radio in Katowice. Since 1997 he\u00a0is a soloist of the Grand Theater of the National Opera in Warsaw.<\/p>\n<p>In the years 1992\u20132001obtained\u00a0 phd and become assistant professor\u00a0 in oboe class\u00a0of Music Academy Karol Lipi\u0144ski in Wroc\u0142aw . Since 2002 oboe lecturer at the Bia\u0142ystok Branch of the Music University of Fryderyk Chopin in Warsaw. He runs methodological and program seminars for teachers of primary and secondary music schools.<\/p>\n<p>He\u00a0coopetares with many orchestras in the country, e.g. Sinfonia Varsovia, Sinfonietta Cracovia, Radio Symphony Orchestra in Warsaw and others. He\u00a0is a soloist and chamber musician, made many archival and disc recordings and\u00a0performed many opera premieres. He has performed in such countries as: Japan, China, Germany, Denmark, France, Great Britain, Italy, Arab Emirates, Oman, Lebanon and others.<\/p>\n<p>&nbsp;<\/p>\n<p>&nbsp;<\/p>\n<p>&nbsp;<\/p>\n<p><img loading=\"lazy\" decoding=\"async\" class=\"size-medium wp-image-2729 alignleft\" src=\"http:\/\/promusica.org.pl\/assets\/Michael-Cede-v4-1a-290x194.jpg\" alt=\"Michael Cede v4 - 1a\" width=\"290\" height=\"194\" \/><\/p>\n<p><strong>\u00a0<\/strong><\/p>\n<p><strong>Michael Cede.<\/strong><\/p>\n<p><strong>Flutist<\/strong>. Studied at the Conservatory of his native city Innsbruck and obtained the solo performance degree with distinction.After that he continued flute studies with teachers like Irena Grafenauer, Michael Martin Kofler, Philip Boucly, Paul Meisen, Emanuel Pahud and in the \u201eCapital of Flute\u201c Paris with Michel Moragues.<\/p>\n<p>Michael Cede has been honored with many prizes and awards in Austria and has performed concertos, recitals and chamber music with artists like Karl-Heinz Sch\u00fctz, Michael Sch\u00f6ch, Michael \u00d6ttl, Pierre-Laurent Aimard and Ensembles like \u201eWindkraft\u201c,TENM and \u201e\u00d6sterreichisches Ensemble f\u00fcr Neue Musik\u201c OENM.<\/p>\n<p>He has been featured all over the world \u2013 in Vienna, Amsterdam, Riga, Buenos Aires, New Orleans, Jerusalem and 2014 in Beijing \u2013 performing at the Central Conservatory of Music.<\/p>\n<p>For four years he was a member of the Tiroler Symphonieorchester Innsbruck and since 2008 he is professor for flute at the Conservatory of Innsbruck.<\/p>\n<p>Michael Cede is a very versatile artist. He also conducts, composes and \u2013 after having completed his university degree of archtecture \u2013 he holds lectures and workshops about cross-connections between visual arts and music.<\/p>\n<p><strong>\u00a0 \u00a0 \u00a0 \u00a0 \u00a0 \u00a0 \u00a0 \u00a0 \u00a0 \u00a0 \u00a0 \u00a0 \u00a0 \u00a0 \u00a0 \u00a0 \u00a0 \u00a0 \u00a0 \u00a0 \u00a0 \u00a0 \u00a0 \u00a0<\/strong><\/p>\n<p>&nbsp;<\/p>\n<p><strong>Wojciech<img loading=\"lazy\" decoding=\"async\" class=\"alignleft  wp-image-1327\" src=\"http:\/\/promusica.org.pl\/assets\/Wojciech-Dunaj.jpg\" alt=\"Wojciech Dunaj\" width=\"274\" height=\"393\" \/>\u00a0Dunaj<\/strong><\/p>\n<p><strong>Clarinet.<\/strong>\u00a0Graduated at Music Academy of Frederic Chopin in Warsaw clarinet class of prof. Benjamin Prze\u017adzi\u0119k. Doctoral degree at the Academy of Music. K. Lipinski in Wroc\u0142aw. He is the winner of the XXVI National Competition for Young Instrumentalists in W\u0142oszakowice.<\/p>\n<p>He performs as a soloist, chamber and orchestral musician. Clarinetist in Podlasie Opera and Philarmonic in Bialystok, Poland , recorded CD,\u00a0Has concerts in\u00a0Europe and Asia. Especially appreciates the cooperation with Kevin Kenner, which performed chamber music of Romantic composers. In its activities goes \u00a0beyond the stage . For several years worked with the Theatre \u201cWierszalin\u201d, with which he has performed in Poland and abroad (UK, USA, Canada).<\/p>\n<p>For more than 20 years of experience in the teaching of music. He is an assistant professor at the University of Music Frideric \u00a0Chopin and teaches clarinet at the Complex Music Schools \u00a0in Bialystok. Share\u00a0knowledge and experience to th young people on music courses.<\/p>\n<p>&nbsp;<\/p>\n<p>&nbsp;<\/p>\n<p>&nbsp;<\/p>\n<p>&nbsp;<\/p>\n<p>&nbsp;<\/p>\n<p>&nbsp;<\/p>\n<p>&nbsp;<\/p>\n<p>&nbsp;<\/p>\n<p>&nbsp;<\/p>\n<p>&nbsp;<\/p>\n<p>&nbsp;<\/p>\n<p>&nbsp;<\/p>\n<p>&nbsp;<\/p>\n<p>&nbsp;<\/p>\n<p>&nbsp;<\/p>\n<p>&nbsp;<\/p>\n<p>&nbsp;<\/p>\n<p>&nbsp;<\/p>\n<p>&nbsp;<\/p>\n<p><img loading=\"lazy\" decoding=\"async\" class=\"alignleft thumbnail size-full wp-image-92\" src=\"http:\/\/promusica.org.pl\/assets\/T.Witek_.jpg\" alt=\"T.Witek\" width=\"250\" height=\"359\" \/><strong>Tomasz Witek<\/strong><\/p>\n<p>Graduated at Music Academy of Frederic Chopin in Warsaw 1993-1995 (trumpet) and Chopin Academy of Music in Warsaw, \u00a0\/ 1995-1998 instrumental-pedagogical faculty, class trumpet.<\/p>\n<p>Works in the Podlasie Opera and Philharmonic from 1995 first trumpet. Since 1996, trumpet teacher in Music Schools. IJPaderewski in Bialystok .In 2005, the founder and leader of Big-Band ZSM in Bia\u0142ystok. From 2006 proffesor on chamber ensembles Big Band at the Fryderyk Chopin University of Music filia in Bia\u0142ystok . In 2007 the show-band trumpeter in the ship-Oceania Cruises Insignia.<\/p>\n<p>He has concerts and participated in various musical projects-stage \/ Germany, Austria, Belgium, the Netherlands, France, Lithuania, Latvia, Russia, China, Egypt, Brazil, Argentina \u2026 \/<\/p>\n<p>tel. 0 606 119 927<\/p>\n<p><a href=\"mailto:tomaszwitek@interia.pl\">tomaszwitek@interia.pl<\/a><\/p>\n<p>&nbsp;<\/p>\n<p>&nbsp;<\/p>\n<p>&nbsp;<\/p>\n<p>&nbsp;<\/p>\n<p>&nbsp;<\/p>\n<p>&nbsp;<\/p>\n<p>&nbsp;<\/p>\n<p>&nbsp;<\/p>\n<p>&nbsp;<\/p>\n<p><strong>\u00a0Adam Krzyczkowski\u00a0<\/strong><strong><img loading=\"lazy\" decoding=\"async\" class=\"thumbnail alignleft wp-image-810\" src=\"http:\/\/promusica.org.pl\/assets\/Adam-Krzyczkowski-zdj%C4%99cie1.jpg\" alt=\"Adam Krzyczkowski zdj\u0119cie\" width=\"201\" height=\"197\" \/><\/strong><\/p>\n<p><strong>\u00a0Percussion. In 2008Graduate of the Music Academy Fryderyk Chopin in Warsaw, in the instrumental and pedagogical department in the class of\u00a0 Henryk Miko\u0142ajczyk. Since 2003, he has been collaborating with the Podlasie Opera and Philharmonic as: drummer tutti, and since 2008 is its employee. From 2012, a teacher of playing percussion in the Music Schools Complex Ignacy Paderewski in Bialystok. He actively participates in entertainment and symphonic projects.<\/strong><\/p>\n<p>&nbsp;<\/p>\n<p>&nbsp;<\/p>\n<p>&nbsp;<\/p>\n<p>&nbsp;<\/p>\n<p><img loading=\"lazy\" decoding=\"async\" class=\" thumbnail alignleft wp-image-1187\" src=\"http:\/\/promusica.org.pl\/assets\/ewa-perkusja.jpg\" alt=\"ewa perkusja\" width=\"193\" height=\"290\" \/><\/p>\n<p><strong>\u00a0Ewa Wasilewska-Sawicka\u00a0<\/strong><\/p>\n<p><strong>\u00a0Percussion. G<\/strong>raduated\u00a0 Music Academy in Warsaw in the percussion class of Henryk Miko\u0142ajczyk. In 2000, she created the percussion class at PSM I st. In E\u0142k, and since 2005\u00a0 is a teacher at the Music Schools Complex in Bia\u0142ystok. Her students\u00a0 won numerous awards from auditions and percussion competitions. Cooperated with the Bialystok Opera and Philharmonic, the Theater Academy and the entertainment music scene as a session musician. For many years she has been taking part in drum workshops, including games on congas, cajon and classical percussion instruments. She is fascinated by Spanish and Cuban music, whose influence can be heard in her own band&#8217;s recordings.<\/p>\n<p>&nbsp;<\/p>\n<p>&nbsp;<\/p>\n<p>&nbsp;<\/p>\n<p>&nbsp;<\/p>\n<p>&nbsp;<\/p>\n<p>&nbsp;<\/p>\n<p>&nbsp;<\/p>\n<p>&nbsp;<\/p>\n<p>&nbsp;<\/p>\n<p><img loading=\"lazy\" decoding=\"async\" class=\" wp-image-2661 alignleft\" src=\"http:\/\/promusica.org.pl\/assets\/ewa-sajko.jpg\" alt=\"ewa sajko\" width=\"241\" height=\"430\" \/><\/p>\n<p><strong>Ewa Sajko<\/strong> &#8211; in \u00a02017graduated with a master&#8217;s degree,\u00a0 Fryderyk Chopin University of Music in Warsaw\u00a0 the instrumental and pedagogical department. From September 2018, he is a percussion teacher at the State Music School in Bia\u0142ystok. He takes part in numerous projects and concerts organized by the Opera and the Podlasie Philharmonic.<\/p>\n<p>&nbsp;<\/p>\n<p>&nbsp;<\/p>\n<p>&nbsp;<\/p>\n<p>&nbsp;<\/p>\n<p>&nbsp;<\/p>\n<p>&nbsp;<\/p>\n<p>&nbsp;<\/p>\n<p>&nbsp;<\/p>\n<p>&nbsp;<\/p>\n<p>&nbsp;<\/p>\n<p>&nbsp;<\/p>\n<p>&nbsp;<\/p>\n<p>&nbsp;<\/p>\n<p><img loading=\"lazy\" decoding=\"async\" class=\"alignleft  wp-image-188\" src=\"http:\/\/promusica.org.pl\/assets\/109434_magdalena_kania-1.jpg\" alt=\"109434_magdalena_kania (1)\" width=\"229\" height=\"344\" \/>\u00a0<strong>\u00a0Magdalena Kania<\/strong><\/p>\n<p>Bassoon. Graduated Academy of Music. K. Szymanowski (class of prof. Z. Tlatlika).<\/p>\n<p>Perfected his skills under the guidance of F. Essmann, M. Baranski, T. Miczki, W. Orawka.<\/p>\n<p>In 1997-2004 first bassoon\u00a0\u00a0in\u00a0Polish National Song and Dance Ensemble \u201c\u015al\u0105sk\u201d. Now\u00a0a first bassoon\u00a0Symphony Orchestra Podlasie Opera and Philharmonic in Bia\u0142ystok.\u00a0Teacher in Music School in Bia\u0142ystok<\/p>\n<p>&nbsp;<\/p>\n<p>&nbsp;<\/p>\n<p>&nbsp;<\/p>\n<p>&nbsp;<\/p>\n<p>&nbsp;<\/p>\n<p>&nbsp;<\/p>\n<p>&nbsp;<\/p>\n<p>&nbsp;<\/p>\n<p>&nbsp;<\/p>\n<p>&nbsp;<\/p>\n<p><img loading=\"lazy\" decoding=\"async\" class=\"alignleft  wp-image-120\" src=\"http:\/\/promusica.org.pl\/assets\/Bielski-S%C5%82awomir1-749x999.jpg\" alt=\"S Bielski\" width=\"234\" height=\"312\" \/><\/p>\n<p><strong>S\u0142awomir Bielski<\/strong><\/p>\n<p>Saxophone. Graduated at the University of Music in Warsaw (clarinet).Postgraduate studies in saxophone at Music Academy. I. J. Paderewski in Poznan with dr. Darius Samolej. Perfected his studies with \u00a0Wildy Zumwalda and Patrick Meighan. He participated in courses and masterclasses led by Ed Bogard, Jean Marie Londeix, Joseph Wytko, Claude Delangle. He has concerts in Russia and Croatia, and Pomeranian Saxophone Festival in Szczecin, Nowa Sol, Korzuchowie. Since 1992 he teaches saxophone at the Music School in Bia\u0142ystok.<\/p>\n<p>&nbsp;<\/p>\n<p>&nbsp;<\/p>\n<p>&nbsp;<\/p>\n<p>&nbsp;<\/p>\n<p>&nbsp;<\/p>\n<p>&nbsp;<\/p>\n<p>&nbsp;<\/p>\n<p>&nbsp;<\/p>\n<p><strong>Stanis\u0142aw Kruci\u0144ski\u00a0, tuba,\u00a0 eufonium, saxhorn, tuba, euphonium, saxhorn<\/strong><\/p>\n<p>&nbsp;<\/p>\n<p>&nbsp;<\/p>\n<p>&nbsp;<\/p>\n<p>&nbsp;<\/p>\n<p>&nbsp;<\/p>\n<p>&nbsp;<\/p>\n<p>&nbsp;<\/p>\n<p>&nbsp;<\/p>\n<p>&nbsp;<\/p>\n<p><img loading=\"lazy\" decoding=\"async\" class=\"alignleft size-full wp-image-855\" src=\"http:\/\/promusica.org.pl\/assets\/photo-artur-nowicki.jpg\" alt=\"photo artur nowicki\" width=\"120\" height=\"120\" \/><strong>Artur Nowicki<\/strong><\/p>\n<p><strong>French Horn.<\/strong>\u00a0Graduated \u00a0Music Academy. Frederic Chopin in Warsaw . Certified teacher with many years of experience teaching. He teaches horn at the School of Music in Bialystok. \u00a0Constantly improving their professional skills by participating in numerous courses, seminars and workshops organized in the country and abroad. Co-organizer and organizer of numerous seminars (flute, oboe, bassoons, Trumpet,\u2019s Horn, percussion ). Section Manager woodwind, brass and percussion. French horn player Podlasie Opera and Philharmonic in Bia\u0142ystok.<\/p>\n<p>OiFP The orchestra has performed in most European countries and China.<\/p>\n<p>&nbsp;<\/p>\n<p>&nbsp;<\/p>\n<p>&nbsp;<\/p>\n<p>&nbsp;<\/p>\n<p><strong><img loading=\"lazy\" decoding=\"async\" class=\" size-full wp-image-1149 alignleft\" src=\"http:\/\/promusica.org.pl\/assets\/Tomasz-Czeka%C5%82a.png\" alt=\"Tomasz Czeka\u0142a\" width=\"229\" height=\"229\" \/><\/strong><\/p>\n<p><strong>\u00a0Tomasz Czeka\u0142a.\u00a0<\/strong><\/p>\n<p><strong>French Horn.<\/strong>Graduated in 1991\u00a0Academy of Music. Karol Szymanowski in Katowice, prof. Mieczyslaw Korcza . First horn player in the orchestra of the Opera and Philharmonic in Bia\u0142ystok, with which he has performed as a soloist, and has made many recordings. In 1987 he was awarded the National Competition of Wind Instruments High School in Koszalin. For many years, along with the wind quintet \u201cSenza Battuta\u201d toured Polish scenes .Perfomed with National India Symfonic Orchestra, Filharmonia Slaska, Lublin Philharmonic, Philharmonic Olsztyn, Beethoven Academy Orchestra, Polish Radio Orchestra and many others on stages in Poland and abroad. Since 1992. Horn teacher \u00a0at the School of Music in Bialystok and the University of Music Fryderyk Chopin in Warsaw, \u00a0 Instrumental \u2013 Pedagogical Department in Bialystok.<\/p>\n<p>&nbsp;<\/p>\n<p>&nbsp;<\/p>\n<p>&nbsp;<\/p>\n<p>&nbsp;<\/p>\n<p>&nbsp;<\/p>\n<p>&nbsp;<\/p>\n<p><strong><img loading=\"lazy\" decoding=\"async\" class=\"size-thumbnail wp-image-3052 alignleft\" src=\"http:\/\/promusica.org.pl\/assets\/szymon-stepka-160x106.jpeg\" alt=\"szymon stepka\" width=\"160\" height=\"106\" \/>Szymon St\u0119pka. Cello.<\/strong><\/p>\n<p>Graduated\u00a0 Music Academy F. Chopin (now the Fryderyk Chopin University of Music), tunder prof. Tomasz Strahla and prof. Andrzej Zieli\u0144ski. He perfected his skills with outstanding educators, including K. Michalik, A. Bauer, A. Orkisz and C. Ilia from the University of Arts in Berlin. Professor Catalin Ilea described him as an extremely talented cellist, whose personality and professionalism promise a great musical future. Szymon St\u0119pka has been a member of the Podlasie Opera and Philharmonic Orchestra in Bialystok since 2003, and since 2007 a concertmaster of the cello in that orchestra. In 2008 he became a co-founder of the Quartet Alexander Tansman. As a soloist, he performed under the baton of Wojciech Rajski, Micha\u0142 Klauza and Jan Mi\u0142osz Zarzycki, performing pieces by W. Lutos\u0142awski, M. Bruch and J. Haydn. As a chamber musician he performed, among others at festivals such as the Laboratory of Contemporary Music, Colors of Poland, Sanus per Artem, Jewish Culture Festival ZACHOR, Music in the Old Church. He collaborated in chamber music projects with such artists as: Kevin Kenner, Tomasz Strahl, Piotr Reichert, \u0141ukasz D\u0142ugosz. In March 2013 as a member of the Quartet of A. Tansman accompanied a delegation of representatives of the Polish parliament chaired by Mr. Bogdan Borusewicz, Speaker of the Polish Senate during his visit to Moldova. During this visit, he gave concerts including National Philharmonic in Chisinau. In autumn 2014, he was invited to participate in a tour with the outstanding soloist Krystian Zimerman. in the renowned Alte Oper concert hall in Frankfurt am Main. As a concertmaster, he performed solo parts during concerts in concert halls such as: Cadogan Hall in London, Sheldonian Theater in Oxford, Concert Hall of the M. Rimski-Korsakov Philharmonic in Saint Petersburg, National Philharmonic Concert Hall in Tallinn, National Philharmonic Concert Hall in Vilnius, The Swedish Radio Concert Hall in Stockholm, the Gothenburg Philharmonic Concert Hall, the Philharmonic Concert Hall in Liege, the National Philharmonic Concert Hall in Minsk and the Philharmonic Concert Hall in Lviv. He recorded for Polish Radio Lublin. In 2010, a CD with W.Z.Zycha songs was released by DUX, on which he performs a solo part in a concert for bass clarinet. In the 2015\/2015 school year, he was a cello teacher at Psm I and II in Bia\u0142a Podlaska. He cooperates with the Polish Chamber Philharmonic in Sopot under the direction of Wojciech Rajski<\/p>\n<p>&nbsp;<\/p>\n<p>&nbsp;<\/p>\n<p>&nbsp;<\/p>\n<p>&nbsp;<\/p>\n<p>&nbsp;<\/p>\n<p>&nbsp;<\/p>\n<p><strong><img loading=\"lazy\" decoding=\"async\" class=\"  wp-image-1151 alignleft\" src=\"http:\/\/promusica.org.pl\/assets\/Ryszard-Wolicki.jpg\" alt=\"Ryszard Wolicki\" width=\"140\" height=\"210\" \/>Ryszard Wolicki<\/strong><\/p>\n<p><strong>Double bass.<\/strong>\u00a0The first bassist Podlasie Opera and Philharmonic, since 1986 he has been the manager of the basses. \u00a030 years teacher at the School of Music in Bialystok.His students w were successful and were winners of national and macro-regional competitions and auditions double bass, on\u00a0leading positions. For many years he worked as a assistant\u00a0at theFryderyk Chopin University of Music Deaprtment\u00a0in Bialystok leading bass class and classes from orchestral and chamber music.<\/p>\n<p>&nbsp;<\/p>\n<p>&nbsp;<\/p>\n<p>&nbsp;<\/p>\n<p>&nbsp;<\/p>\n<p>&nbsp;<\/p>\n<p>&nbsp;<\/p>\n<p>&nbsp;<\/p>\n<p>&nbsp;<\/p>\n<p><strong><img loading=\"lazy\" decoding=\"async\" class=\"  wp-image-1169 alignleft\" src=\"http:\/\/promusica.org.pl\/assets\/Aldona-Poczwardowska.jpg\" alt=\"Aldona Poczwardowska\" width=\"218\" height=\"290\" \/>\u00a0Harfa<\/strong><\/p>\n<p><strong>Aldona Poczwardowska.\u00a0She graduated with honors from the Academy of Music. I. J. Paderewski in Pozna\u0144 and postgraduate studies at the \u00a0Music University Frederic Chopin \u00a0atended numerous harp courses.<\/strong><\/p>\n<p>Became the first harpist Poznan Philharmonic, and since 1999 works as a first harpist in the Symphony Orchestra of the Podlasie Opera and Philharmonic.<\/p>\n<p>Colaborates with the majority of Polish philharmonic orchestras and opera as well as with the National Philharmonic of Lithuania.<\/p>\n<p>She performs as a soloist and chamber musician.<\/p>\n<p>Since 2000. She teaches harp and chamber music at the School of Music in Bialystok.<\/p>\n<p>&nbsp;<\/p>\n<p>&nbsp;<\/p>\n<p>&nbsp;<\/p>","protected":false},"excerpt":{"rendered":"<p>&nbsp; OUR TEAM: Conductor : &nbsp; Andrea Loss\u00a0\u2013 graduated at the Conservatory in Udine (Clarinet) and studied conducting with Jan Cober (NL), Ronald Johnson (USA), Felix Hauswirth (CH) , Isaac Karabtchevsky (BR), Diego Dini Ciacci (I) orchestration , harmony , composition and singing. He conducted several wind orchestra in Italy, Europe, and USA. He is&#8230;<\/p>\n","protected":false},"author":1,"featured_media":0,"parent":2996,"menu_order":0,"comment_status":"closed","ping_status":"closed","template":"","meta":{"_kad_post_transparent":"","_kad_post_title":"","_kad_post_layout":"","_kad_post_sidebar_id":"","_kad_post_content_style":"","_kad_post_vertical_padding":"","_kad_post_feature":"","_kad_post_feature_position":"","_kad_post_header":false,"_kad_post_footer":false,"footnotes":""},"class_list":["post-2994","page","type-page","status-publish","hentry"],"yoast_head":"<!-- This site is optimized with the Yoast SEO plugin v26.4 - https:\/\/yoast.com\/wordpress\/plugins\/seo\/ -->\n<title>Kadra WOW 2020TEAM WOW 2019 - Pro Musica<\/title>\n<meta name=\"robots\" content=\"index, follow, max-snippet:-1, max-image-preview:large, max-video-preview:-1\" \/>\n<link rel=\"canonical\" href=\"https:\/\/promusica.org.pl\/en\/wow-zimowe-warsztaty-orkiestrowe-2020\/kadra-wow-2020\/\" \/>\n<meta property=\"og:locale\" content=\"en_US\" \/>\n<meta property=\"og:type\" content=\"article\" \/>\n<meta property=\"og:title\" content=\"Kadra WOW 2020TEAM WOW 2019 - Pro Musica\" \/>\n<meta property=\"og:description\" content=\"&nbsp; OUR TEAM: Conductor : &nbsp; Andrea Loss\u00a0\u2013 graduated at the Conservatory in Udine (Clarinet) and studied conducting with Jan Cober (NL), Ronald Johnson (USA), Felix Hauswirth (CH) , Isaac Karabtchevsky (BR), Diego Dini Ciacci (I) orchestration , harmony , composition and singing. He conducted several wind orchestra in Italy, Europe, and USA. He is...\" \/>\n<meta property=\"og:url\" content=\"https:\/\/promusica.org.pl\/en\/wow-zimowe-warsztaty-orkiestrowe-2020\/kadra-wow-2020\/\" \/>\n<meta property=\"og:site_name\" content=\"Pro Musica\" \/>\n<meta property=\"article:modified_time\" content=\"2020-01-16T08:09:06+00:00\" \/>\n<meta property=\"og:image\" content=\"http:\/\/promusica.org.pl\/assets\/loss.jpg\" \/>\n<meta name=\"twitter:label1\" content=\"Est. reading time\" \/>\n\t<meta name=\"twitter:data1\" content=\"20 minutes\" \/>\n<script type=\"application\/ld+json\" class=\"yoast-schema-graph\">{\"@context\":\"https:\/\/schema.org\",\"@graph\":[{\"@type\":\"WebPage\",\"@id\":\"https:\/\/promusica.org.pl\/en\/wow-zimowe-warsztaty-orkiestrowe-2020\/kadra-wow-2020\/\",\"url\":\"https:\/\/promusica.org.pl\/en\/wow-zimowe-warsztaty-orkiestrowe-2020\/kadra-wow-2020\/\",\"name\":\"Kadra WOW 2020TEAM WOW 2019 - Pro Musica\",\"isPartOf\":{\"@id\":\"https:\/\/promusica.org.pl\/en\/#website\"},\"primaryImageOfPage\":{\"@id\":\"https:\/\/promusica.org.pl\/en\/wow-zimowe-warsztaty-orkiestrowe-2020\/kadra-wow-2020\/#primaryimage\"},\"image\":{\"@id\":\"https:\/\/promusica.org.pl\/wow-zimowe-warsztaty-orkiestrowe-2020\/kadra-wow-2020\/#primaryimage\"},\"thumbnailUrl\":\"http:\/\/promusica.org.pl\/assets\/loss.jpg\",\"datePublished\":\"2019-11-20T11:20:48+00:00\",\"dateModified\":\"2020-01-16T08:09:06+00:00\",\"breadcrumb\":{\"@id\":\"https:\/\/promusica.org.pl\/en\/wow-zimowe-warsztaty-orkiestrowe-2020\/kadra-wow-2020\/#breadcrumb\"},\"inLanguage\":\"en-US\",\"potentialAction\":[{\"@type\":\"ReadAction\",\"target\":[[\"https:\/\/promusica.org.pl\/en\/wow-zimowe-warsztaty-orkiestrowe-2020\/kadra-wow-2020\/\"]]}]},{\"@type\":\"ImageObject\",\"inLanguage\":\"en-US\",\"@id\":\"https:\/\/promusica.org.pl\/en\/wow-zimowe-warsztaty-orkiestrowe-2020\/kadra-wow-2020\/#primaryimage\",\"url\":\"http:\/\/promusica.org.pl\/assets\/loss.jpg\",\"contentUrl\":\"http:\/\/promusica.org.pl\/assets\/loss.jpg\"},{\"@type\":\"BreadcrumbList\",\"@id\":\"https:\/\/promusica.org.pl\/en\/wow-zimowe-warsztaty-orkiestrowe-2020\/kadra-wow-2020\/#breadcrumb\",\"itemListElement\":[{\"@type\":\"ListItem\",\"position\":1,\"name\":\"Strona g\u0142\u00f3wna\",\"item\":\"https:\/\/promusica.org.pl\/en\/\"},{\"@type\":\"ListItem\",\"position\":2,\"name\":\"WOW Zimowe Warsztaty Orkiestrowe 2020\",\"item\":\"https:\/\/promusica.org.pl\/en\/wow-zimowe-warsztaty-orkiestrowe-2020\/\"},{\"@type\":\"ListItem\",\"position\":3,\"name\":\"Kadra WOW 2020\"}]},{\"@type\":\"WebSite\",\"@id\":\"https:\/\/promusica.org.pl\/en\/#website\",\"url\":\"https:\/\/promusica.org.pl\/en\/\",\"name\":\"Pro Musica\",\"description\":\"warsztaty muzyczne, warsztaty orkiestrowe, konkurs na instrumenty solo\",\"publisher\":{\"@id\":\"https:\/\/promusica.org.pl\/en\/#organization\"},\"potentialAction\":[{\"@type\":\"SearchAction\",\"target\":{\"@type\":\"EntryPoint\",\"urlTemplate\":\"https:\/\/promusica.org.pl\/en\/?s={search_term_string}\"},\"query-input\":{\"@type\":\"PropertyValueSpecification\",\"valueRequired\":true,\"valueName\":\"search_term_string\"}}],\"inLanguage\":\"en-US\"},{\"@type\":\"Organization\",\"@id\":\"https:\/\/promusica.org.pl\/en\/#organization\",\"name\":\"Pro Musica\",\"url\":\"https:\/\/promusica.org.pl\/en\/\",\"logo\":{\"@type\":\"ImageObject\",\"inLanguage\":\"en-US\",\"@id\":\"https:\/\/promusica.org.pl\/en\/#\/schema\/logo\/image\/\",\"url\":\"https:\/\/promusica.org.pl\/assets\/cropped-logo.jpg\",\"contentUrl\":\"https:\/\/promusica.org.pl\/assets\/cropped-logo.jpg\",\"width\":239,\"height\":95,\"caption\":\"Pro Musica\"},\"image\":{\"@id\":\"https:\/\/promusica.org.pl\/en\/#\/schema\/logo\/image\/\"}}]}<\/script>\n<!-- \/ Yoast SEO plugin. -->","yoast_head_json":{"title":"Kadra WOW 2020TEAM WOW 2019 - Pro Musica","robots":{"index":"index","follow":"follow","max-snippet":"max-snippet:-1","max-image-preview":"max-image-preview:large","max-video-preview":"max-video-preview:-1"},"canonical":"https:\/\/promusica.org.pl\/en\/wow-zimowe-warsztaty-orkiestrowe-2020\/kadra-wow-2020\/","og_locale":"en_US","og_type":"article","og_title":"Kadra WOW 2020TEAM WOW 2019 - Pro Musica","og_description":"&nbsp; OUR TEAM: Conductor : &nbsp; Andrea Loss\u00a0\u2013 graduated at the Conservatory in Udine (Clarinet) and studied conducting with Jan Cober (NL), Ronald Johnson (USA), Felix Hauswirth (CH) , Isaac Karabtchevsky (BR), Diego Dini Ciacci (I) orchestration , harmony , composition and singing. He conducted several wind orchestra in Italy, Europe, and USA. He is...","og_url":"https:\/\/promusica.org.pl\/en\/wow-zimowe-warsztaty-orkiestrowe-2020\/kadra-wow-2020\/","og_site_name":"Pro Musica","article_modified_time":"2020-01-16T08:09:06+00:00","og_image":[{"url":"http:\/\/promusica.org.pl\/assets\/loss.jpg","type":"","width":"","height":""}],"twitter_misc":{"Est. reading time":"20 minutes"},"schema":{"@context":"https:\/\/schema.org","@graph":[{"@type":"WebPage","@id":"https:\/\/promusica.org.pl\/en\/wow-zimowe-warsztaty-orkiestrowe-2020\/kadra-wow-2020\/","url":"https:\/\/promusica.org.pl\/en\/wow-zimowe-warsztaty-orkiestrowe-2020\/kadra-wow-2020\/","name":"Kadra WOW 2020TEAM WOW 2019 - Pro Musica","isPartOf":{"@id":"https:\/\/promusica.org.pl\/en\/#website"},"primaryImageOfPage":{"@id":"https:\/\/promusica.org.pl\/en\/wow-zimowe-warsztaty-orkiestrowe-2020\/kadra-wow-2020\/#primaryimage"},"image":{"@id":"https:\/\/promusica.org.pl\/wow-zimowe-warsztaty-orkiestrowe-2020\/kadra-wow-2020\/#primaryimage"},"thumbnailUrl":"http:\/\/promusica.org.pl\/assets\/loss.jpg","datePublished":"2019-11-20T11:20:48+00:00","dateModified":"2020-01-16T08:09:06+00:00","breadcrumb":{"@id":"https:\/\/promusica.org.pl\/en\/wow-zimowe-warsztaty-orkiestrowe-2020\/kadra-wow-2020\/#breadcrumb"},"inLanguage":"en-US","potentialAction":[{"@type":"ReadAction","target":[["https:\/\/promusica.org.pl\/en\/wow-zimowe-warsztaty-orkiestrowe-2020\/kadra-wow-2020\/"]]}]},{"@type":"ImageObject","inLanguage":"en-US","@id":"https:\/\/promusica.org.pl\/en\/wow-zimowe-warsztaty-orkiestrowe-2020\/kadra-wow-2020\/#primaryimage","url":"http:\/\/promusica.org.pl\/assets\/loss.jpg","contentUrl":"http:\/\/promusica.org.pl\/assets\/loss.jpg"},{"@type":"BreadcrumbList","@id":"https:\/\/promusica.org.pl\/en\/wow-zimowe-warsztaty-orkiestrowe-2020\/kadra-wow-2020\/#breadcrumb","itemListElement":[{"@type":"ListItem","position":1,"name":"Strona g\u0142\u00f3wna","item":"https:\/\/promusica.org.pl\/en\/"},{"@type":"ListItem","position":2,"name":"WOW Zimowe Warsztaty Orkiestrowe 2020","item":"https:\/\/promusica.org.pl\/en\/wow-zimowe-warsztaty-orkiestrowe-2020\/"},{"@type":"ListItem","position":3,"name":"Kadra WOW 2020"}]},{"@type":"WebSite","@id":"https:\/\/promusica.org.pl\/en\/#website","url":"https:\/\/promusica.org.pl\/en\/","name":"Pro Musica","description":"warsztaty muzyczne, warsztaty orkiestrowe, konkurs na instrumenty solo","publisher":{"@id":"https:\/\/promusica.org.pl\/en\/#organization"},"potentialAction":[{"@type":"SearchAction","target":{"@type":"EntryPoint","urlTemplate":"https:\/\/promusica.org.pl\/en\/?s={search_term_string}"},"query-input":{"@type":"PropertyValueSpecification","valueRequired":true,"valueName":"search_term_string"}}],"inLanguage":"en-US"},{"@type":"Organization","@id":"https:\/\/promusica.org.pl\/en\/#organization","name":"Pro Musica","url":"https:\/\/promusica.org.pl\/en\/","logo":{"@type":"ImageObject","inLanguage":"en-US","@id":"https:\/\/promusica.org.pl\/en\/#\/schema\/logo\/image\/","url":"https:\/\/promusica.org.pl\/assets\/cropped-logo.jpg","contentUrl":"https:\/\/promusica.org.pl\/assets\/cropped-logo.jpg","width":239,"height":95,"caption":"Pro Musica"},"image":{"@id":"https:\/\/promusica.org.pl\/en\/#\/schema\/logo\/image\/"}}]}},"_links":{"self":[{"href":"https:\/\/promusica.org.pl\/en\/wp-json\/wp\/v2\/pages\/2994","targetHints":{"allow":["GET"]}}],"collection":[{"href":"https:\/\/promusica.org.pl\/en\/wp-json\/wp\/v2\/pages"}],"about":[{"href":"https:\/\/promusica.org.pl\/en\/wp-json\/wp\/v2\/types\/page"}],"author":[{"embeddable":true,"href":"https:\/\/promusica.org.pl\/en\/wp-json\/wp\/v2\/users\/1"}],"replies":[{"embeddable":true,"href":"https:\/\/promusica.org.pl\/en\/wp-json\/wp\/v2\/comments?post=2994"}],"version-history":[{"count":10,"href":"https:\/\/promusica.org.pl\/en\/wp-json\/wp\/v2\/pages\/2994\/revisions"}],"predecessor-version":[{"id":3004,"href":"https:\/\/promusica.org.pl\/en\/wp-json\/wp\/v2\/pages\/2994\/revisions\/3004"}],"up":[{"embeddable":true,"href":"https:\/\/promusica.org.pl\/en\/wp-json\/wp\/v2\/pages\/2996"}],"wp:attachment":[{"href":"https:\/\/promusica.org.pl\/en\/wp-json\/wp\/v2\/media?parent=2994"}],"curies":[{"name":"wp","href":"https:\/\/api.w.org\/{rel}","templated":true}]}}