{"id":2586,"date":"2018-11-20T07:47:49","date_gmt":"2018-11-20T07:47:49","guid":{"rendered":"http:\/\/promusica.org.pl\/?page_id=2586"},"modified":"2019-11-15T21:57:27","modified_gmt":"2019-11-15T21:57:27","slug":"wyniki-konkursu-finalis","status":"publish","type":"page","link":"https:\/\/promusica.org.pl\/en\/iii-miedzynarodowy-konkurs-instrumentow-detych-finalis-2018\/wyniki-konkursu-finalis\/","title":{"rendered":"Results"},"content":{"rendered":"<p><a href=\"http:\/\/promusica.org.pl\/assets\/logo-finalis-t\u0142o-1.png\"><img loading=\"lazy\" decoding=\"async\" class=\"aligncenter size-full wp-image-2557\" src=\"http:\/\/promusica.org.pl\/assets\/logo-finalis-t\u0142o-1.png\" alt=\"logo finalis t\u0142o (1)\" width=\"595\" height=\"193\" \/><\/a><\/p>\n<h1 style=\"text-align: center;\"><\/h1>\n<h1 style=\"text-align: center;\"><img loading=\"lazy\" decoding=\"async\" class=\"alignleft  wp-image-2978\" src=\"http:\/\/promusica.org.pl\/assets\/Uczestnicy_zakwalifikowani_do_koncertu_fina\u0142owego-1.jpg\" alt=\"Uczestnicy_zakwalifikowani_do_koncertu_fina\u0142owego-1\" width=\"1013\" height=\"716\" srcset=\"https:\/\/promusica.org.pl\/assets\/Uczestnicy_zakwalifikowani_do_koncertu_fina\u0142owego-1.jpg 2338w, https:\/\/promusica.org.pl\/assets\/Uczestnicy_zakwalifikowani_do_koncertu_fina\u0142owego-1-1170x827.jpg 1170w\" sizes=\"auto, (max-width: 1013px) 100vw, 1013px\" \/><\/h1>\n<h1 style=\"text-align: center;\"><\/h1>\n<p>&nbsp;<\/p>\n<p>&nbsp;<\/p>\n<p>&nbsp;<\/p>\n<p>&nbsp;<\/p>\n<p>&nbsp;<\/p>\n<p>&nbsp;<\/p>\n<p>&nbsp;<\/p>\n<p>&nbsp;<\/p>\n<p>&nbsp;<\/p>\n<p>&nbsp;<\/p>\n<p>&nbsp;<\/p>\n<p>&nbsp;<\/p>\n<p>&nbsp;<\/p>\n<p>&nbsp;<\/p>\n<p>&nbsp;<\/p>\n<p>&nbsp;<\/p>\n<p>&nbsp;<\/p>\n<p>&nbsp;<\/p>\n<p>&nbsp;<\/p>\n<p>&nbsp;<\/p>\n<p>&nbsp;<\/p>\n<p>&nbsp;<\/p>\n<p>&nbsp;<\/p>\n<h1 style=\"text-align: center;\"><span style=\"color: #000080;\"><strong>NAGRODA G\u0141\u00d3WNA \/ MAIN PRIZE \u2013 Grand Prix<\/strong><\/span><\/h1>\n<p style=\"text-align: center;\"><strong><\/p>\n<p>Dominika Pilis<\/strong>\u00a0\u2013 flet\/flute, kat.\/cat. I<\/p>\n<p>Akademia Muzyczna im. Karola Szymanowskiego w Katowicach<\/p>\n<p>Koncert solowy z towarzyszeniem Orkiestry Symfonicznej Wydzia\u0142u Instrumentalno-Pedagogicznego<\/p>\n<p>w Bia\u0142ymstoku UMFC oraz nagroda pieni\u0119\u017cna w wysoko\u015bci 1500 z\u0142<\/p>\n<p>\/ Concert as a soloist with Symphony Orchestra of Department of Instrumental and Pedagogical Studies<\/p>\n<p>FCUM and the money prize 1500 PLN<\/p>\n<h2 style=\"text-align: center;\"><span style=\"color: #000080;\"><strong>NAGRODY SPECJALNE \/ SPECIAL PRIZES<\/strong><\/span><\/h2>\n<p style=\"text-align: center;\">\u00b7\u00a0<strong>Micha\u0142 Waszkiewicz<\/strong>\u00a0\u2013 ob\u00f3j\/oboe, kat.\/cat. G<\/p>\n<p>Wydzia\u0142 Instrumentalno-Pedagogiczny w Bialymstoku UMFC<\/p>\n<p>Koncert solowy z towarzyszeniem The Municipal Symphonic Band of Seville w Hiszpanii<\/p>\n<p>\/ Concert as a soloist with The Municipal Symphonic Band of Seville in Spain<\/p>\n<p>\u00b7\u00a0<strong>Ostap Bachynsky<\/strong>\u00a0\u2013 klarnet\/clarinet, kat.\/cat. F<\/p>\n<p>Akademia Muzyczna w Krakowie<\/p>\n<p>Koncert solowy z towarzyszeniem orkiestry Filharmonii Kameralnej im. Witolda Lutos\u0142awskiego<\/p>\n<p>w \u0141om\u017cy \/ Concert as a soloist with Witold Lutos\u0142awski Chamber Philharmonic in \u0141om\u017ca<\/p>\n<p>oraz bon na napraw\u0119 instrumentu w salonie SOSNAMUSIC o warto\u015bci 1000 z\u0142 \/ voucher for<\/p>\n<p>instrument repair worth 1000 PLN in salon SOSNAMUSIC<\/p>\n<p>\u00b7\u00a0<strong>Wojciech Kami\u0144ski<\/strong>\u00a0\u2013 tr\u0105bka\/trumpet, kat.\/cat. F<\/p>\n<p>Pa\u0144stwowa Szko\u0142a Muzyczna I i II st. im. Karola Szymanowskiego w P\u0142ocku<\/p>\n<p>Koncert solowy z towarzyszeniem orkiestry Filharmonii Kameralnej im. Witolda Lutos\u0142awskiego<\/p>\n<p>w \u0141om\u017cy \/ Concert as a soloist with Witold Lutos\u0142awski Chamber Philharmonic in \u0141om\u017ca<\/p>\n<p>\u00b7\u00a0<strong>Tomasz Or\u0142owski<\/strong>\u00a0\u2013 saksofon\/saxophone, kat.\/cat. C<\/p>\n<p>Pa\u0144stwowa Szko\u0142a Muzyczna I stopnia w Be\u0142chatowie<\/p>\n<p>Koncert solowy z towarzyszeniem orkiestry WOW w Bia\u0142ymstoku (Winter Orchestra Workshop)<\/p>\n<p>pod batut\u0105 Andrea Loss (W\u0142ochy), \/ Concert as a soloist with WOW orchestra in Bia\u0142ystok<\/p>\n<p>(Winter Orchestra Workshop) conducted by Andrea Loss (Italy),<\/p>\n<p>bon na napraw\u0119 instrumentu w salonie SOSNAMUSIC o warto\u015bci 1000 z\u0142<\/p>\n<p>\/ voucher for instrument repair worth 1000 PLN in salon SOSNAMUSIC<\/p>\n<p>oraz podw\u00f3jne zaproszenie do Opery i Filharmonii Podlaskiej<\/p>\n<p>\/ invitation to the Podlasie Opera and Philharmonic<\/p>\n<p>Podw\u00f3jne zaproszenia do Opery i Filharmonii Podlaskiej:<\/p>\n<p>\/ invitations to the Podlasie Opera and Philharmonic:<\/p>\n<p>\u00b7<strong>\u00a0Stanis\u0142aw Do\u0142ga\u0144<\/strong>\u00a0\u2013 puzon\/trombone, kat.\/cat. D<\/p>\n<p>Pa\u0144stwowa Szko\u0142a Muzyczna I i II st. im. Fryderyka Chopina w Olsztynie<\/p>\n<p>\u00b7\u00a0<strong>Miko\u0142aj Gajdzis<\/strong>\u00a0\u2013 waltornia\/french horn, kat.\/cat. F<\/p>\n<p>Zesp\u00f3\u0142 Pa\u0144stwowych Szk\u00f3\u0142 Muzycznych im. Gra\u017cyny Bacewicz w Koszalinie<\/p>\n<p>\u00b7<strong>\u00a0Piotr Gieniusz<\/strong>\u00a0\u2013 puzon\/trombone, kat.\/cat. H<\/p>\n<p>Akademia Muzyczna im. Karola Szymanowskiego w Katowicach<\/p>\n<h2 style=\"text-align: center;\"><span style=\"color: #000080;\"><a style=\"color: #000080;\" href=\"http:\/\/promusica.org.pl\/assets\/GrandPrix_NagrodySpecjalne.pdf\">GrandPrix_NagrodySpecjalne<\/a>-pdf<\/span><\/h2>\n<h2 style=\"text-align: center;\"><span style=\"color: #0000ff;\"><a style=\"color: #0000ff;\" href=\"http:\/\/promusica.org.pl\/assets\/Finalis2018-wyniki11.pdf\">Finalis2018-wyniki<\/a>-pdf<\/span><\/h2>\n<p>&nbsp;<\/p>\n<p>&nbsp;<\/p>\n<p>&nbsp;<\/p>","protected":false},"excerpt":{"rendered":"<p>&nbsp; &nbsp; &nbsp; &nbsp; &nbsp; &nbsp; &nbsp; &nbsp; &nbsp; &nbsp; &nbsp; &nbsp; &nbsp; &nbsp; &nbsp; &nbsp; &nbsp; &nbsp; &nbsp; &nbsp; &nbsp; &nbsp; &nbsp; NAGRODA G\u0141\u00d3WNA \/ MAIN PRIZE \u2013 Grand Prix Dominika Pilis\u00a0\u2013 flet\/flute, kat.\/cat. I Akademia Muzyczna im. Karola Szymanowskiego w Katowicach Koncert solowy z towarzyszeniem Orkiestry Symfonicznej Wydzia\u0142u Instrumentalno-Pedagogicznego w Bia\u0142ymstoku UMFC oraz&#8230;<\/p>\n","protected":false},"author":1,"featured_media":0,"parent":2364,"menu_order":0,"comment_status":"closed","ping_status":"closed","template":"","meta":{"_kad_post_transparent":"","_kad_post_title":"","_kad_post_layout":"","_kad_post_sidebar_id":"","_kad_post_content_style":"","_kad_post_vertical_padding":"","_kad_post_feature":"","_kad_post_feature_position":"","_kad_post_header":false,"_kad_post_footer":false,"footnotes":""},"class_list":["post-2586","page","type-page","status-publish","hentry"],"yoast_head":"<!-- This site is optimized with the Yoast SEO plugin v26.4 - https:\/\/yoast.com\/wordpress\/plugins\/seo\/ -->\n<title>Wyniki KonkursuResults - Pro Musica<\/title>\n<meta name=\"robots\" content=\"index, follow, max-snippet:-1, max-image-preview:large, max-video-preview:-1\" \/>\n<link rel=\"canonical\" href=\"https:\/\/promusica.org.pl\/en\/iii-miedzynarodowy-konkurs-instrumentow-detych-finalis-2018\/wyniki-konkursu-finalis\/\" \/>\n<meta property=\"og:locale\" content=\"en_US\" \/>\n<meta property=\"og:type\" content=\"article\" \/>\n<meta property=\"og:title\" content=\"Wyniki KonkursuResults - Pro Musica\" \/>\n<meta property=\"og:description\" content=\"&nbsp; &nbsp; &nbsp; &nbsp; &nbsp; &nbsp; &nbsp; &nbsp; &nbsp; &nbsp; &nbsp; &nbsp; &nbsp; &nbsp; &nbsp; &nbsp; &nbsp; &nbsp; &nbsp; &nbsp; &nbsp; &nbsp; &nbsp; NAGRODA G\u0141\u00d3WNA \/ MAIN PRIZE \u2013 Grand Prix Dominika Pilis\u00a0\u2013 flet\/flute, kat.\/cat. I Akademia Muzyczna im. Karola Szymanowskiego w Katowicach Koncert solowy z towarzyszeniem Orkiestry Symfonicznej Wydzia\u0142u Instrumentalno-Pedagogicznego w Bia\u0142ymstoku UMFC oraz...\" \/>\n<meta property=\"og:url\" content=\"https:\/\/promusica.org.pl\/en\/iii-miedzynarodowy-konkurs-instrumentow-detych-finalis-2018\/wyniki-konkursu-finalis\/\" \/>\n<meta property=\"og:site_name\" content=\"Pro Musica\" \/>\n<meta property=\"article:modified_time\" content=\"2019-11-15T21:57:27+00:00\" \/>\n<meta name=\"twitter:label1\" content=\"Est. reading time\" \/>\n\t<meta name=\"twitter:data1\" content=\"4 minutes\" \/>\n<script type=\"application\/ld+json\" class=\"yoast-schema-graph\">{\"@context\":\"https:\/\/schema.org\",\"@graph\":[{\"@type\":\"WebPage\",\"@id\":\"https:\/\/promusica.org.pl\/en\/iii-miedzynarodowy-konkurs-instrumentow-detych-finalis-2018\/wyniki-konkursu-finalis\/\",\"url\":\"https:\/\/promusica.org.pl\/en\/iii-miedzynarodowy-konkurs-instrumentow-detych-finalis-2018\/wyniki-konkursu-finalis\/\",\"name\":\"Wyniki KonkursuResults - Pro Musica\",\"isPartOf\":{\"@id\":\"https:\/\/promusica.org.pl\/en\/#website\"},\"datePublished\":\"2018-11-20T07:47:49+00:00\",\"dateModified\":\"2019-11-15T21:57:27+00:00\",\"breadcrumb\":{\"@id\":\"https:\/\/promusica.org.pl\/en\/iii-miedzynarodowy-konkurs-instrumentow-detych-finalis-2018\/wyniki-konkursu-finalis\/#breadcrumb\"},\"inLanguage\":\"en-US\",\"potentialAction\":[{\"@type\":\"ReadAction\",\"target\":[[\"https:\/\/promusica.org.pl\/en\/iii-miedzynarodowy-konkurs-instrumentow-detych-finalis-2018\/wyniki-konkursu-finalis\/\"]]}]},{\"@type\":\"BreadcrumbList\",\"@id\":\"https:\/\/promusica.org.pl\/en\/iii-miedzynarodowy-konkurs-instrumentow-detych-finalis-2018\/wyniki-konkursu-finalis\/#breadcrumb\",\"itemListElement\":[{\"@type\":\"ListItem\",\"position\":1,\"name\":\"Strona g\u0142\u00f3wna\",\"item\":\"https:\/\/promusica.org.pl\/en\/\"},{\"@type\":\"ListItem\",\"position\":2,\"name\":\"III Mi\u0119dzynarodowy Konkurs Instrument\u00f3w D\u0119tych FINALIS 2018\",\"item\":\"https:\/\/promusica.org.pl\/en\/iii-miedzynarodowy-konkurs-instrumentow-detych-finalis-2018\/\"},{\"@type\":\"ListItem\",\"position\":3,\"name\":\"Wyniki Konkursu\"}]},{\"@type\":\"WebSite\",\"@id\":\"https:\/\/promusica.org.pl\/en\/#website\",\"url\":\"https:\/\/promusica.org.pl\/en\/\",\"name\":\"Pro Musica\",\"description\":\"warsztaty muzyczne, warsztaty orkiestrowe, konkurs na instrumenty solo\",\"publisher\":{\"@id\":\"https:\/\/promusica.org.pl\/en\/#organization\"},\"potentialAction\":[{\"@type\":\"SearchAction\",\"target\":{\"@type\":\"EntryPoint\",\"urlTemplate\":\"https:\/\/promusica.org.pl\/en\/?s={search_term_string}\"},\"query-input\":{\"@type\":\"PropertyValueSpecification\",\"valueRequired\":true,\"valueName\":\"search_term_string\"}}],\"inLanguage\":\"en-US\"},{\"@type\":\"Organization\",\"@id\":\"https:\/\/promusica.org.pl\/en\/#organization\",\"name\":\"Pro Musica\",\"url\":\"https:\/\/promusica.org.pl\/en\/\",\"logo\":{\"@type\":\"ImageObject\",\"inLanguage\":\"en-US\",\"@id\":\"https:\/\/promusica.org.pl\/en\/#\/schema\/logo\/image\/\",\"url\":\"https:\/\/promusica.org.pl\/assets\/cropped-logo.jpg\",\"contentUrl\":\"https:\/\/promusica.org.pl\/assets\/cropped-logo.jpg\",\"width\":239,\"height\":95,\"caption\":\"Pro Musica\"},\"image\":{\"@id\":\"https:\/\/promusica.org.pl\/en\/#\/schema\/logo\/image\/\"}}]}<\/script>\n<!-- \/ Yoast SEO plugin. -->","yoast_head_json":{"title":"Wyniki KonkursuResults - Pro Musica","robots":{"index":"index","follow":"follow","max-snippet":"max-snippet:-1","max-image-preview":"max-image-preview:large","max-video-preview":"max-video-preview:-1"},"canonical":"https:\/\/promusica.org.pl\/en\/iii-miedzynarodowy-konkurs-instrumentow-detych-finalis-2018\/wyniki-konkursu-finalis\/","og_locale":"en_US","og_type":"article","og_title":"Wyniki KonkursuResults - Pro Musica","og_description":"&nbsp; &nbsp; &nbsp; &nbsp; &nbsp; &nbsp; &nbsp; &nbsp; &nbsp; &nbsp; &nbsp; &nbsp; &nbsp; &nbsp; &nbsp; &nbsp; &nbsp; &nbsp; &nbsp; &nbsp; &nbsp; &nbsp; &nbsp; NAGRODA G\u0141\u00d3WNA \/ MAIN PRIZE \u2013 Grand Prix Dominika Pilis\u00a0\u2013 flet\/flute, kat.\/cat. I Akademia Muzyczna im. Karola Szymanowskiego w Katowicach Koncert solowy z towarzyszeniem Orkiestry Symfonicznej Wydzia\u0142u Instrumentalno-Pedagogicznego w Bia\u0142ymstoku UMFC oraz...","og_url":"https:\/\/promusica.org.pl\/en\/iii-miedzynarodowy-konkurs-instrumentow-detych-finalis-2018\/wyniki-konkursu-finalis\/","og_site_name":"Pro Musica","article_modified_time":"2019-11-15T21:57:27+00:00","twitter_misc":{"Est. reading time":"4 minutes"},"schema":{"@context":"https:\/\/schema.org","@graph":[{"@type":"WebPage","@id":"https:\/\/promusica.org.pl\/en\/iii-miedzynarodowy-konkurs-instrumentow-detych-finalis-2018\/wyniki-konkursu-finalis\/","url":"https:\/\/promusica.org.pl\/en\/iii-miedzynarodowy-konkurs-instrumentow-detych-finalis-2018\/wyniki-konkursu-finalis\/","name":"Wyniki KonkursuResults - Pro Musica","isPartOf":{"@id":"https:\/\/promusica.org.pl\/en\/#website"},"datePublished":"2018-11-20T07:47:49+00:00","dateModified":"2019-11-15T21:57:27+00:00","breadcrumb":{"@id":"https:\/\/promusica.org.pl\/en\/iii-miedzynarodowy-konkurs-instrumentow-detych-finalis-2018\/wyniki-konkursu-finalis\/#breadcrumb"},"inLanguage":"en-US","potentialAction":[{"@type":"ReadAction","target":[["https:\/\/promusica.org.pl\/en\/iii-miedzynarodowy-konkurs-instrumentow-detych-finalis-2018\/wyniki-konkursu-finalis\/"]]}]},{"@type":"BreadcrumbList","@id":"https:\/\/promusica.org.pl\/en\/iii-miedzynarodowy-konkurs-instrumentow-detych-finalis-2018\/wyniki-konkursu-finalis\/#breadcrumb","itemListElement":[{"@type":"ListItem","position":1,"name":"Strona g\u0142\u00f3wna","item":"https:\/\/promusica.org.pl\/en\/"},{"@type":"ListItem","position":2,"name":"III Mi\u0119dzynarodowy Konkurs Instrument\u00f3w D\u0119tych FINALIS 2018","item":"https:\/\/promusica.org.pl\/en\/iii-miedzynarodowy-konkurs-instrumentow-detych-finalis-2018\/"},{"@type":"ListItem","position":3,"name":"Wyniki Konkursu"}]},{"@type":"WebSite","@id":"https:\/\/promusica.org.pl\/en\/#website","url":"https:\/\/promusica.org.pl\/en\/","name":"Pro Musica","description":"warsztaty muzyczne, warsztaty orkiestrowe, konkurs na instrumenty solo","publisher":{"@id":"https:\/\/promusica.org.pl\/en\/#organization"},"potentialAction":[{"@type":"SearchAction","target":{"@type":"EntryPoint","urlTemplate":"https:\/\/promusica.org.pl\/en\/?s={search_term_string}"},"query-input":{"@type":"PropertyValueSpecification","valueRequired":true,"valueName":"search_term_string"}}],"inLanguage":"en-US"},{"@type":"Organization","@id":"https:\/\/promusica.org.pl\/en\/#organization","name":"Pro Musica","url":"https:\/\/promusica.org.pl\/en\/","logo":{"@type":"ImageObject","inLanguage":"en-US","@id":"https:\/\/promusica.org.pl\/en\/#\/schema\/logo\/image\/","url":"https:\/\/promusica.org.pl\/assets\/cropped-logo.jpg","contentUrl":"https:\/\/promusica.org.pl\/assets\/cropped-logo.jpg","width":239,"height":95,"caption":"Pro Musica"},"image":{"@id":"https:\/\/promusica.org.pl\/en\/#\/schema\/logo\/image\/"}}]}},"_links":{"self":[{"href":"https:\/\/promusica.org.pl\/en\/wp-json\/wp\/v2\/pages\/2586","targetHints":{"allow":["GET"]}}],"collection":[{"href":"https:\/\/promusica.org.pl\/en\/wp-json\/wp\/v2\/pages"}],"about":[{"href":"https:\/\/promusica.org.pl\/en\/wp-json\/wp\/v2\/types\/page"}],"author":[{"embeddable":true,"href":"https:\/\/promusica.org.pl\/en\/wp-json\/wp\/v2\/users\/1"}],"replies":[{"embeddable":true,"href":"https:\/\/promusica.org.pl\/en\/wp-json\/wp\/v2\/comments?post=2586"}],"version-history":[{"count":6,"href":"https:\/\/promusica.org.pl\/en\/wp-json\/wp\/v2\/pages\/2586\/revisions"}],"predecessor-version":[{"id":2979,"href":"https:\/\/promusica.org.pl\/en\/wp-json\/wp\/v2\/pages\/2586\/revisions\/2979"}],"up":[{"embeddable":true,"href":"https:\/\/promusica.org.pl\/en\/wp-json\/wp\/v2\/pages\/2364"}],"wp:attachment":[{"href":"https:\/\/promusica.org.pl\/en\/wp-json\/wp\/v2\/media?parent=2586"}],"curies":[{"name":"wp","href":"https:\/\/api.w.org\/{rel}","templated":true}]}}